{"id":5163,"date":"2025-08-27T21:47:50","date_gmt":"2025-08-27T19:47:50","guid":{"rendered":"https:\/\/www.forum-systemaufstellungen.at\/veranstaltungen\/?post_type=tribe_events&#038;p=5163"},"modified":"2025-09-02T12:57:09","modified_gmt":"2025-09-02T10:57:09","slug":"oefs-roadshow-ankommen-aufatmen-aufbrechen","status":"publish","type":"tribe_events","link":"https:\/\/www.forum-systemaufstellungen.at\/veranstaltungen\/info\/oefs-roadshow-ankommen-aufatmen-aufbrechen\/","title":{"rendered":"\u00d6fS-Roadshow: &#8222;Ankommen. Aufatmen. Aufbrechen.&#8220;"},"content":{"rendered":"<h4 style=\"color: #cd171a;\"><strong>DAS \u00d6fS FEIERT 20 JAHRE &#8230;. IN SALZBURG<\/strong><\/h4>\n<h2>\u00d6fS-Mitglied <a href=\"https:\/\/www.coaching-woerister-fingerlos.at\/\" target=\"_blank\" rel=\"noopener\"><strong>BARBARA W\u00d6RISTER-FINGERLOS<\/strong><\/a> \u00f6ffnet hier ihre Wege f\u00fcr uns!<\/h2>\n<p><strong>Details zum Thema:<\/strong><\/p>\n<p><strong>Ein transformativer Prozess, der im Freiraum der Natur, der auch Schutzraum bedeutet, stattfinden kann.<\/strong><\/p>\n<p>Diese besondere Form der Systemaufstellung findet in der beeindruckenden Landschaft des Nationalparks Hohe Tauern statt. Die Natur dient als Resonanzraum f\u00fcr innere Prozesse und bietet eine einzigartige M\u00f6glichkeit, pers\u00f6nliche Themen zu bearbeiten. Die nat\u00fcrliche Umgebung unterst\u00fctzt den Prozess der Erdung und Zentrierung, wodurch innere Balance entstehen darf und ein Zustand von Klarheit und innerer Ruhe gef\u00f6rdert wird. Die Natur als Spiegel, reflektiert die inneren Zust\u00e4nde und Prozesse, erm\u00f6glicht tiefere Einsichten und f\u00f6rdert die Selbstwahrnehmung. Dies regt Kreativit\u00e4t an, was innovative L\u00f6sungen und neue Perspektiven erm\u00f6glicht. Systemaufstellung in der Bergwelt erm\u00f6glicht eine ganzheitliche Erfahrung, die K\u00f6rper, Geist und Seele einbezieht und somit tiefere Ver\u00e4nderungen anst\u00f6\u00dft. Ankommen, aufatmen, aufbrechen.<\/p>\n<p><strong>Veranstaltungsort:<\/strong> <a href=\"https:\/\/www.matreier-tauernhaus.com\/\">Matreier Tauernhaus<\/a><br \/>\nDa diese Form der Veranstaltung nur bei Sch\u00f6nwetter stattfinden kann, wird es zwei Tage vorher eine Info geben, ob sie abgehalten werden kann.<\/p>\n<p><strong><a href=\"https:\/\/www.coaching-woerister-fingerlos.at\/\">Mag. Barbara W\u00f6rister-Fingerlos<\/a>: <\/strong>Erziehungswissenschafterin, Psychosoziale Beraterin, NLP-Master, Coach, Supervisorin, Bergwanderf\u00fchrerin<\/p>\n<p>&nbsp;<\/p>\n<ul>\n<li>Im Anschluss ist Zeit f\u00fcr Impuls und pers\u00f6nlichen Austausch<\/li>\n<li>Kostenlos f\u00fcr alle Interessierten<\/li>\n<\/ul>\n","protected":false},"excerpt":{"rendered":"<p>DAS \u00d6fS FEIERT 20 JAHRE &#8230;. IN SALZBURG \u00d6fS-Mitglied BARBARA W\u00d6RISTER-FINGERLOS \u00f6ffnet hier ihre Wege f\u00fcr uns! Details zum Thema: [&hellip;]<\/p>\n","protected":false},"author":3,"featured_media":5199,"template":"","meta":{"_et_pb_use_builder":"","_et_pb_old_content":"","_et_gb_content_width":"","_tribe_events_status":"","_tribe_events_status_reason":"","_tribe_events_is_hybrid":"","_tribe_events_is_virtual":"","_tribe_events_virtual_video_source":"","_tribe_events_virtual_embed_video":"","_tribe_events_virtual_linked_button_text":"","_tribe_events_virtual_linked_button":"","_tribe_events_virtual_show_embed_at":"","_tribe_events_virtual_show_embed_to":[],"_tribe_events_virtual_show_on_event":"","_tribe_events_virtual_show_on_views":"","_tribe_events_virtual_url":"","footnotes":""},"tags":[],"tribe_events_cat":[7],"class_list":["post-5163","tribe_events","type-tribe_events","status-publish","has-post-thumbnail","hentry","tribe_events_cat-oefs-veranstaltungen","cat_oefs-veranstaltungen"],"yoast_head":"<!-- This site is optimized with the Yoast SEO plugin v26.9 - https:\/\/yoast.com\/product\/yoast-seo-wordpress\/ -->\n<title>\u00d6fS-Roadshow: &quot;Ankommen. Aufatmen. Aufbrechen.&quot; - \u00d6fS Veranstaltungen<\/title>\n<meta name=\"robots\" content=\"index, follow, max-snippet:-1, max-image-preview:large, max-video-preview:-1\" \/>\n<link rel=\"canonical\" href=\"https:\/\/www.forum-systemaufstellungen.at\/veranstaltungen\/info\/oefs-roadshow-ankommen-aufatmen-aufbrechen\/\" \/>\n<meta property=\"og:locale\" content=\"de_DE\" \/>\n<meta property=\"og:type\" content=\"article\" \/>\n<meta property=\"og:title\" content=\"\u00d6fS-Roadshow: &quot;Ankommen. Aufatmen. Aufbrechen.&quot; - \u00d6fS Veranstaltungen\" \/>\n<meta property=\"og:description\" content=\"DAS \u00d6fS FEIERT 20 JAHRE &#8230;. IN SALZBURG \u00d6fS-Mitglied BARBARA W\u00d6RISTER-FINGERLOS \u00f6ffnet hier ihre Wege f\u00fcr uns! Details zum Thema: [&hellip;]\" \/>\n<meta property=\"og:url\" content=\"https:\/\/www.forum-systemaufstellungen.at\/veranstaltungen\/info\/oefs-roadshow-ankommen-aufatmen-aufbrechen\/\" \/>\n<meta property=\"og:site_name\" content=\"\u00d6fS Veranstaltungen\" \/>\n<meta property=\"article:modified_time\" content=\"2025-09-02T10:57:09+00:00\" \/>\n<meta property=\"og:image\" content=\"https:\/\/www.forum-systemaufstellungen.at\/veranstaltungen\/wp-content\/uploads\/2025\/08\/20250827_185826-scaled-e1756810569692.jpg\" \/>\n\t<meta property=\"og:image:width\" content=\"300\" \/>\n\t<meta property=\"og:image:height\" content=\"341\" \/>\n\t<meta property=\"og:image:type\" content=\"image\/jpeg\" \/>\n<meta name=\"twitter:card\" content=\"summary_large_image\" \/>\n<meta name=\"twitter:label1\" content=\"Gesch\u00e4tzte Lesezeit\" \/>\n\t<meta name=\"twitter:data1\" content=\"2\u00a0Minuten\" \/>\n<script type=\"application\/ld+json\" class=\"yoast-schema-graph\">{\"@context\":\"https:\/\/schema.org\",\"@graph\":[{\"@type\":\"WebPage\",\"@id\":\"https:\/\/www.forum-systemaufstellungen.at\/veranstaltungen\/info\/oefs-roadshow-ankommen-aufatmen-aufbrechen\/\",\"url\":\"https:\/\/www.forum-systemaufstellungen.at\/veranstaltungen\/info\/oefs-roadshow-ankommen-aufatmen-aufbrechen\/\",\"name\":\"\u00d6fS-Roadshow: \\\"Ankommen. Aufatmen. Aufbrechen.\\\" - \u00d6fS Veranstaltungen\",\"isPartOf\":{\"@id\":\"https:\/\/www.forum-systemaufstellungen.at\/veranstaltungen\/#website\"},\"primaryImageOfPage\":{\"@id\":\"https:\/\/www.forum-systemaufstellungen.at\/veranstaltungen\/info\/oefs-roadshow-ankommen-aufatmen-aufbrechen\/#primaryimage\"},\"image\":{\"@id\":\"https:\/\/www.forum-systemaufstellungen.at\/veranstaltungen\/info\/oefs-roadshow-ankommen-aufatmen-aufbrechen\/#primaryimage\"},\"thumbnailUrl\":\"https:\/\/www.forum-systemaufstellungen.at\/veranstaltungen\/wp-content\/uploads\/2025\/08\/20250827_185826-scaled-e1756810569692.jpg\",\"datePublished\":\"2025-08-27T19:47:50+00:00\",\"dateModified\":\"2025-09-02T10:57:09+00:00\",\"breadcrumb\":{\"@id\":\"https:\/\/www.forum-systemaufstellungen.at\/veranstaltungen\/info\/oefs-roadshow-ankommen-aufatmen-aufbrechen\/#breadcrumb\"},\"inLanguage\":\"de\",\"potentialAction\":[{\"@type\":\"ReadAction\",\"target\":[\"https:\/\/www.forum-systemaufstellungen.at\/veranstaltungen\/info\/oefs-roadshow-ankommen-aufatmen-aufbrechen\/\"]}]},{\"@type\":\"ImageObject\",\"inLanguage\":\"de\",\"@id\":\"https:\/\/www.forum-systemaufstellungen.at\/veranstaltungen\/info\/oefs-roadshow-ankommen-aufatmen-aufbrechen\/#primaryimage\",\"url\":\"https:\/\/www.forum-systemaufstellungen.at\/veranstaltungen\/wp-content\/uploads\/2025\/08\/20250827_185826-scaled-e1756810569692.jpg\",\"contentUrl\":\"https:\/\/www.forum-systemaufstellungen.at\/veranstaltungen\/wp-content\/uploads\/2025\/08\/20250827_185826-scaled-e1756810569692.jpg\",\"width\":300,\"height\":341,\"caption\":\"Barbara W\u00f6rister-Fingerlos\"},{\"@type\":\"BreadcrumbList\",\"@id\":\"https:\/\/www.forum-systemaufstellungen.at\/veranstaltungen\/info\/oefs-roadshow-ankommen-aufatmen-aufbrechen\/#breadcrumb\",\"itemListElement\":[{\"@type\":\"ListItem\",\"position\":1,\"name\":\"Startseite\",\"item\":\"https:\/\/www.forum-systemaufstellungen.at\/veranstaltungen\/\"},{\"@type\":\"ListItem\",\"position\":2,\"name\":\"Veranstaltungen\",\"item\":\"https:\/\/www.forum-systemaufstellungen.at\/veranstaltungen\/kalender\/\"},{\"@type\":\"ListItem\",\"position\":3,\"name\":\"\u00d6fS-Roadshow: &#8222;Ankommen. Aufatmen. Aufbrechen.&#8220;\"}]},{\"@type\":\"WebSite\",\"@id\":\"https:\/\/www.forum-systemaufstellungen.at\/veranstaltungen\/#website\",\"url\":\"https:\/\/www.forum-systemaufstellungen.at\/veranstaltungen\/\",\"name\":\"\u00d6fS Veranstaltungen\",\"description\":\"systemische Aufstellungsarbeit\",\"potentialAction\":[{\"@type\":\"SearchAction\",\"target\":{\"@type\":\"EntryPoint\",\"urlTemplate\":\"https:\/\/www.forum-systemaufstellungen.at\/veranstaltungen\/?s={search_term_string}\"},\"query-input\":{\"@type\":\"PropertyValueSpecification\",\"valueRequired\":true,\"valueName\":\"search_term_string\"}}],\"inLanguage\":\"de\"}]}<\/script>\n<!-- \/ Yoast SEO plugin. -->","yoast_head_json":{"title":"\u00d6fS-Roadshow: \"Ankommen. Aufatmen. Aufbrechen.\" - \u00d6fS Veranstaltungen","robots":{"index":"index","follow":"follow","max-snippet":"max-snippet:-1","max-image-preview":"max-image-preview:large","max-video-preview":"max-video-preview:-1"},"canonical":"https:\/\/www.forum-systemaufstellungen.at\/veranstaltungen\/info\/oefs-roadshow-ankommen-aufatmen-aufbrechen\/","og_locale":"de_DE","og_type":"article","og_title":"\u00d6fS-Roadshow: \"Ankommen. Aufatmen. Aufbrechen.\" - \u00d6fS Veranstaltungen","og_description":"DAS \u00d6fS FEIERT 20 JAHRE &#8230;. IN SALZBURG \u00d6fS-Mitglied BARBARA W\u00d6RISTER-FINGERLOS \u00f6ffnet hier ihre Wege f\u00fcr uns! Details zum Thema: [&hellip;]","og_url":"https:\/\/www.forum-systemaufstellungen.at\/veranstaltungen\/info\/oefs-roadshow-ankommen-aufatmen-aufbrechen\/","og_site_name":"\u00d6fS Veranstaltungen","article_modified_time":"2025-09-02T10:57:09+00:00","og_image":[{"width":300,"height":341,"url":"https:\/\/www.forum-systemaufstellungen.at\/veranstaltungen\/wp-content\/uploads\/2025\/08\/20250827_185826-scaled-e1756810569692.jpg","type":"image\/jpeg"}],"twitter_card":"summary_large_image","twitter_misc":{"Gesch\u00e4tzte Lesezeit":"2\u00a0Minuten"},"schema":{"@context":"https:\/\/schema.org","@graph":[{"@type":"WebPage","@id":"https:\/\/www.forum-systemaufstellungen.at\/veranstaltungen\/info\/oefs-roadshow-ankommen-aufatmen-aufbrechen\/","url":"https:\/\/www.forum-systemaufstellungen.at\/veranstaltungen\/info\/oefs-roadshow-ankommen-aufatmen-aufbrechen\/","name":"\u00d6fS-Roadshow: \"Ankommen. Aufatmen. Aufbrechen.\" - \u00d6fS Veranstaltungen","isPartOf":{"@id":"https:\/\/www.forum-systemaufstellungen.at\/veranstaltungen\/#website"},"primaryImageOfPage":{"@id":"https:\/\/www.forum-systemaufstellungen.at\/veranstaltungen\/info\/oefs-roadshow-ankommen-aufatmen-aufbrechen\/#primaryimage"},"image":{"@id":"https:\/\/www.forum-systemaufstellungen.at\/veranstaltungen\/info\/oefs-roadshow-ankommen-aufatmen-aufbrechen\/#primaryimage"},"thumbnailUrl":"https:\/\/www.forum-systemaufstellungen.at\/veranstaltungen\/wp-content\/uploads\/2025\/08\/20250827_185826-scaled-e1756810569692.jpg","datePublished":"2025-08-27T19:47:50+00:00","dateModified":"2025-09-02T10:57:09+00:00","breadcrumb":{"@id":"https:\/\/www.forum-systemaufstellungen.at\/veranstaltungen\/info\/oefs-roadshow-ankommen-aufatmen-aufbrechen\/#breadcrumb"},"inLanguage":"de","potentialAction":[{"@type":"ReadAction","target":["https:\/\/www.forum-systemaufstellungen.at\/veranstaltungen\/info\/oefs-roadshow-ankommen-aufatmen-aufbrechen\/"]}]},{"@type":"ImageObject","inLanguage":"de","@id":"https:\/\/www.forum-systemaufstellungen.at\/veranstaltungen\/info\/oefs-roadshow-ankommen-aufatmen-aufbrechen\/#primaryimage","url":"https:\/\/www.forum-systemaufstellungen.at\/veranstaltungen\/wp-content\/uploads\/2025\/08\/20250827_185826-scaled-e1756810569692.jpg","contentUrl":"https:\/\/www.forum-systemaufstellungen.at\/veranstaltungen\/wp-content\/uploads\/2025\/08\/20250827_185826-scaled-e1756810569692.jpg","width":300,"height":341,"caption":"Barbara W\u00f6rister-Fingerlos"},{"@type":"BreadcrumbList","@id":"https:\/\/www.forum-systemaufstellungen.at\/veranstaltungen\/info\/oefs-roadshow-ankommen-aufatmen-aufbrechen\/#breadcrumb","itemListElement":[{"@type":"ListItem","position":1,"name":"Startseite","item":"https:\/\/www.forum-systemaufstellungen.at\/veranstaltungen\/"},{"@type":"ListItem","position":2,"name":"Veranstaltungen","item":"https:\/\/www.forum-systemaufstellungen.at\/veranstaltungen\/kalender\/"},{"@type":"ListItem","position":3,"name":"\u00d6fS-Roadshow: &#8222;Ankommen. Aufatmen. Aufbrechen.&#8220;"}]},{"@type":"WebSite","@id":"https:\/\/www.forum-systemaufstellungen.at\/veranstaltungen\/#website","url":"https:\/\/www.forum-systemaufstellungen.at\/veranstaltungen\/","name":"\u00d6fS Veranstaltungen","description":"systemische Aufstellungsarbeit","potentialAction":[{"@type":"SearchAction","target":{"@type":"EntryPoint","urlTemplate":"https:\/\/www.forum-systemaufstellungen.at\/veranstaltungen\/?s={search_term_string}"},"query-input":{"@type":"PropertyValueSpecification","valueRequired":true,"valueName":"search_term_string"}}],"inLanguage":"de"}]}},"_links":{"self":[{"href":"https:\/\/www.forum-systemaufstellungen.at\/veranstaltungen\/wp-json\/wp\/v2\/tribe_events\/5163","targetHints":{"allow":["GET"]}}],"collection":[{"href":"https:\/\/www.forum-systemaufstellungen.at\/veranstaltungen\/wp-json\/wp\/v2\/tribe_events"}],"about":[{"href":"https:\/\/www.forum-systemaufstellungen.at\/veranstaltungen\/wp-json\/wp\/v2\/types\/tribe_events"}],"author":[{"embeddable":true,"href":"https:\/\/www.forum-systemaufstellungen.at\/veranstaltungen\/wp-json\/wp\/v2\/users\/3"}],"version-history":[{"count":0,"href":"https:\/\/www.forum-systemaufstellungen.at\/veranstaltungen\/wp-json\/wp\/v2\/tribe_events\/5163\/revisions"}],"wp:featuredmedia":[{"embeddable":true,"href":"https:\/\/www.forum-systemaufstellungen.at\/veranstaltungen\/wp-json\/wp\/v2\/media\/5199"}],"wp:attachment":[{"href":"https:\/\/www.forum-systemaufstellungen.at\/veranstaltungen\/wp-json\/wp\/v2\/media?parent=5163"}],"wp:term":[{"taxonomy":"post_tag","embeddable":true,"href":"https:\/\/www.forum-systemaufstellungen.at\/veranstaltungen\/wp-json\/wp\/v2\/tags?post=5163"},{"taxonomy":"tribe_events_cat","embeddable":true,"href":"https:\/\/www.forum-systemaufstellungen.at\/veranstaltungen\/wp-json\/wp\/v2\/tribe_events_cat?post=5163"}],"curies":[{"name":"wp","href":"https:\/\/api.w.org\/{rel}","templated":true}]}}