{"id":5239,"date":"2025-10-09T14:43:37","date_gmt":"2025-10-09T12:43:37","guid":{"rendered":"https:\/\/www.forum-systemaufstellungen.at\/veranstaltungen\/info\/systemischer-aufstellungslehrgang-2026-3\/"},"modified":"2025-10-09T14:47:03","modified_gmt":"2025-10-09T12:47:03","slug":"systemischer-aufstellungslehrgang-2025-2-2","status":"publish","type":"tribe_events","link":"https:\/\/www.forum-systemaufstellungen.at\/veranstaltungen\/info\/systemischer-aufstellungslehrgang-2025-2-2\/","title":{"rendered":"Systemischer Aufstellungslehrgang 2026"},"content":{"rendered":"<p style=\"font-weight: 400;\"><a href=\"https:\/\/www.lebensschule-moser.at\/app\/module\/webproduct\/goto\/m\/m49f4d49e6a509946\">Referenten: Franz und Birgitt Moser<\/a><\/p>\n<p style=\"font-weight: 400;\"><strong><a href=\"https:\/\/www.lebensschule-moser.at\/aufstellungslehrgang-2026\/\">Lehrgang 2026 beginnt am 19. Februar 2026<\/a><\/strong><\/p>\n<ol>\n<li style=\"font-weight: 400;\">Modul: Do. 19.- So. 22. Februar 2026<\/li>\n<li style=\"font-weight: 400;\">Modul: Do. 19. &#8211; So. 22. M\u00e4rz 2026<\/li>\n<li style=\"font-weight: 400;\">Modul: Do. 16. &#8211; So. 19. April 2026<\/li>\n<li style=\"font-weight: 400;\">Modul: Do. 30. Aprli &#8211; So. 03. Mai 2026<\/li>\n<li style=\"font-weight: 400;\">Modul: Fr. 15. &#8211; So. 30. Mai 2026<\/li>\n<\/ol>\n<p style=\"font-weight: 400;\">Kosten: \u20ac 2190.- inkl. MwSt. bei Einmalzahlung vor Beginn.<\/p>\n<p style=\"font-weight: 400;\">\u20ac 460.- inkl. MwSt. bei Bezahlung vor dem jeweiligen Modul. (\u20ac 2300.-)<\/p>\n<p style=\"font-weight: 400;\">Abschluss mit Zertifizierung oder Zeugnis!<\/p>\n<p style=\"font-weight: 400;\"><b>Eintragung in die ExpertInnenliste der Wirtschaftskammer<\/b><\/p>\n<p style=\"font-weight: 400;\">Um in den ExpertInnenpool\u00a0Aufstellungsarbeit beim Fachverband Personenberatung und Personenbetreuung eingetragen zu werden, bedarf es folgender Nachweise:<\/p>\n<ul style=\"font-weight: 400;\">\n<li>erfolgreicher Abschluss des Lehrgangs<\/li>\n<li>3-J\u00e4hrige und uneingeschr\u00e4nkte Selbstst\u00e4ndigkeit im Bereich des Gewerbes der Lebens- und Sozialberatung (psychosoziale Beratung) nachweisen<\/li>\n<li>Best\u00e4tigung durch eine\/n beim Fachverband eingetragene\/n SupervisorIn (Einzelsupervision, mindestens 5 Einheiten) \u00fcber die Supervision von 40 dokumentierten\u00a0Aufstellungen\u00a0 (ab Fortbildungsbeginn)<\/li>\n<\/ul>\n<p style=\"font-weight: 400;\">\u00a0Diese k\u00f6nnen sie bei\u00a0(Franz Moser) zum Sonderpreis von \u20ac 400.- erwerben.<\/p>\n<p style=\"font-weight: 400;\"><b>Qualit\u00e4tssicherung<\/b><\/p>\n<p style=\"font-weight: 400;\"><b>WKO \u2013 Wirtschaftskammer \u00d6sterreich:<\/b><\/p>\n<p style=\"font-weight: 400;\">Dieser Lehrgang ist gem\u00e4\u00df den Richtlinien des Fachverbandes der Personenberatung und Personenbetreuung konzipiert und berechtigt LebensberaterInnen zum Eintrag in den Expertenpool lt. den aktuell g\u00fcltigen Richtlinien.<\/p>\n<p style=\"font-weight: 400;\">Unterlagen sind im Preis enthalten.<\/p>\n<p style=\"font-weight: 400;\">Vom Zeitpunkt Ihrer Anmeldung bis zum Ende des Lehrganges k\u00f6nnen Sie kostenlos als Statist bei unseren Aufstellungen\u00a0in der Lebensschule Moser Jurte teilnehmen.<\/p>\n<p style=\"font-weight: 400;\">Sichern des Gelernten geschieht im Verlauf der Module.<\/p>\n<p style=\"font-weight: 400;\">Verpflegung und Unterkunft sind in den Kosten nicht beinhaltet.<\/p>\n<p style=\"font-weight: 400;\"><a href=\"https:\/\/www.lebensschule-moser.at\/kontakt\/%C3%BCbernachtungs-m%C3%B6glichkeiten\/\">Es besteht die M\u00f6glichkeit, bei uns zu \u00dcbernachten.\u00a0<\/a><\/p>\n","protected":false},"excerpt":{"rendered":"<p>Referenten: Franz und Birgitt Moser Lehrgang 2026 beginnt am 19. Februar 2026 Modul: Do. 19.- So. 22. Februar 2026 Modul: [&hellip;]<\/p>\n","protected":false},"author":35,"featured_media":5106,"template":"","meta":{"_et_pb_use_builder":"","_et_pb_old_content":"","_et_gb_content_width":"","_tribe_events_status":"","_tribe_events_status_reason":"","_tribe_events_is_hybrid":"","_tribe_events_is_virtual":"","_tribe_events_virtual_video_source":"","_tribe_events_virtual_embed_video":"","_tribe_events_virtual_linked_button_text":"","_tribe_events_virtual_linked_button":"","_tribe_events_virtual_show_embed_at":"","_tribe_events_virtual_show_embed_to":[],"_tribe_events_virtual_show_on_event":"","_tribe_events_virtual_show_on_views":"","_tribe_events_virtual_url":"","footnotes":""},"tags":[12],"tribe_events_cat":[14],"class_list":["post-5239","tribe_events","type-tribe_events","status-publish","has-post-thumbnail","hentry","tag-mitglieder","tribe_events_cat-mitglieder-veranstaltungen","cat_mitglieder-veranstaltungen"],"yoast_head":"<!-- This site is optimized with the Yoast SEO plugin v26.9 - https:\/\/yoast.com\/product\/yoast-seo-wordpress\/ -->\n<title>Systemischer Aufstellungslehrgang 2026 - \u00d6fS Veranstaltungen<\/title>\n<meta name=\"robots\" content=\"index, follow, max-snippet:-1, max-image-preview:large, max-video-preview:-1\" \/>\n<link rel=\"canonical\" href=\"https:\/\/www.forum-systemaufstellungen.at\/veranstaltungen\/info\/systemischer-aufstellungslehrgang-2025-2-2\/\" \/>\n<meta property=\"og:locale\" content=\"de_DE\" \/>\n<meta property=\"og:type\" content=\"article\" \/>\n<meta property=\"og:title\" content=\"Systemischer Aufstellungslehrgang 2026 - \u00d6fS Veranstaltungen\" \/>\n<meta property=\"og:description\" content=\"Referenten: Franz und Birgitt Moser Lehrgang 2026 beginnt am 19. Februar 2026 Modul: Do. 19.- So. 22. Februar 2026 Modul: [&hellip;]\" \/>\n<meta property=\"og:url\" content=\"https:\/\/www.forum-systemaufstellungen.at\/veranstaltungen\/info\/systemischer-aufstellungslehrgang-2025-2-2\/\" \/>\n<meta property=\"og:site_name\" content=\"\u00d6fS Veranstaltungen\" \/>\n<meta property=\"article:modified_time\" content=\"2025-10-09T12:47:03+00:00\" \/>\n<meta property=\"og:image\" content=\"https:\/\/www.forum-systemaufstellungen.at\/veranstaltungen\/wp-content\/uploads\/2025\/01\/WhatsApp-Bild-2024-10-06-um-13.44.08_3025bdb8.jpg\" \/>\n\t<meta property=\"og:image:width\" content=\"1600\" \/>\n\t<meta property=\"og:image:height\" content=\"1200\" \/>\n\t<meta property=\"og:image:type\" content=\"image\/jpeg\" \/>\n<meta name=\"twitter:card\" content=\"summary_large_image\" \/>\n<meta name=\"twitter:label1\" content=\"Gesch\u00e4tzte Lesezeit\" \/>\n\t<meta name=\"twitter:data1\" content=\"2\u00a0Minuten\" \/>\n<script type=\"application\/ld+json\" class=\"yoast-schema-graph\">{\"@context\":\"https:\/\/schema.org\",\"@graph\":[{\"@type\":\"WebPage\",\"@id\":\"https:\/\/www.forum-systemaufstellungen.at\/veranstaltungen\/info\/systemischer-aufstellungslehrgang-2025-2-2\/\",\"url\":\"https:\/\/www.forum-systemaufstellungen.at\/veranstaltungen\/info\/systemischer-aufstellungslehrgang-2025-2-2\/\",\"name\":\"Systemischer Aufstellungslehrgang 2026 - \u00d6fS Veranstaltungen\",\"isPartOf\":{\"@id\":\"https:\/\/www.forum-systemaufstellungen.at\/veranstaltungen\/#website\"},\"primaryImageOfPage\":{\"@id\":\"https:\/\/www.forum-systemaufstellungen.at\/veranstaltungen\/info\/systemischer-aufstellungslehrgang-2025-2-2\/#primaryimage\"},\"image\":{\"@id\":\"https:\/\/www.forum-systemaufstellungen.at\/veranstaltungen\/info\/systemischer-aufstellungslehrgang-2025-2-2\/#primaryimage\"},\"thumbnailUrl\":\"https:\/\/www.forum-systemaufstellungen.at\/veranstaltungen\/wp-content\/uploads\/2025\/01\/WhatsApp-Bild-2024-10-06-um-13.44.08_3025bdb8.jpg\",\"datePublished\":\"2025-10-09T12:43:37+00:00\",\"dateModified\":\"2025-10-09T12:47:03+00:00\",\"breadcrumb\":{\"@id\":\"https:\/\/www.forum-systemaufstellungen.at\/veranstaltungen\/info\/systemischer-aufstellungslehrgang-2025-2-2\/#breadcrumb\"},\"inLanguage\":\"de\",\"potentialAction\":[{\"@type\":\"ReadAction\",\"target\":[\"https:\/\/www.forum-systemaufstellungen.at\/veranstaltungen\/info\/systemischer-aufstellungslehrgang-2025-2-2\/\"]}]},{\"@type\":\"ImageObject\",\"inLanguage\":\"de\",\"@id\":\"https:\/\/www.forum-systemaufstellungen.at\/veranstaltungen\/info\/systemischer-aufstellungslehrgang-2025-2-2\/#primaryimage\",\"url\":\"https:\/\/www.forum-systemaufstellungen.at\/veranstaltungen\/wp-content\/uploads\/2025\/01\/WhatsApp-Bild-2024-10-06-um-13.44.08_3025bdb8.jpg\",\"contentUrl\":\"https:\/\/www.forum-systemaufstellungen.at\/veranstaltungen\/wp-content\/uploads\/2025\/01\/WhatsApp-Bild-2024-10-06-um-13.44.08_3025bdb8.jpg\",\"width\":1600,\"height\":1200},{\"@type\":\"BreadcrumbList\",\"@id\":\"https:\/\/www.forum-systemaufstellungen.at\/veranstaltungen\/info\/systemischer-aufstellungslehrgang-2025-2-2\/#breadcrumb\",\"itemListElement\":[{\"@type\":\"ListItem\",\"position\":1,\"name\":\"Startseite\",\"item\":\"https:\/\/www.forum-systemaufstellungen.at\/veranstaltungen\/\"},{\"@type\":\"ListItem\",\"position\":2,\"name\":\"Veranstaltungen\",\"item\":\"https:\/\/www.forum-systemaufstellungen.at\/veranstaltungen\/kalender\/\"},{\"@type\":\"ListItem\",\"position\":3,\"name\":\"Systemischer Aufstellungslehrgang 2026\"}]},{\"@type\":\"WebSite\",\"@id\":\"https:\/\/www.forum-systemaufstellungen.at\/veranstaltungen\/#website\",\"url\":\"https:\/\/www.forum-systemaufstellungen.at\/veranstaltungen\/\",\"name\":\"\u00d6fS Veranstaltungen\",\"description\":\"systemische Aufstellungsarbeit\",\"potentialAction\":[{\"@type\":\"SearchAction\",\"target\":{\"@type\":\"EntryPoint\",\"urlTemplate\":\"https:\/\/www.forum-systemaufstellungen.at\/veranstaltungen\/?s={search_term_string}\"},\"query-input\":{\"@type\":\"PropertyValueSpecification\",\"valueRequired\":true,\"valueName\":\"search_term_string\"}}],\"inLanguage\":\"de\"}]}<\/script>\n<!-- \/ Yoast SEO plugin. -->","yoast_head_json":{"title":"Systemischer Aufstellungslehrgang 2026 - \u00d6fS Veranstaltungen","robots":{"index":"index","follow":"follow","max-snippet":"max-snippet:-1","max-image-preview":"max-image-preview:large","max-video-preview":"max-video-preview:-1"},"canonical":"https:\/\/www.forum-systemaufstellungen.at\/veranstaltungen\/info\/systemischer-aufstellungslehrgang-2025-2-2\/","og_locale":"de_DE","og_type":"article","og_title":"Systemischer Aufstellungslehrgang 2026 - \u00d6fS Veranstaltungen","og_description":"Referenten: Franz und Birgitt Moser Lehrgang 2026 beginnt am 19. Februar 2026 Modul: Do. 19.- So. 22. Februar 2026 Modul: [&hellip;]","og_url":"https:\/\/www.forum-systemaufstellungen.at\/veranstaltungen\/info\/systemischer-aufstellungslehrgang-2025-2-2\/","og_site_name":"\u00d6fS Veranstaltungen","article_modified_time":"2025-10-09T12:47:03+00:00","og_image":[{"width":1600,"height":1200,"url":"https:\/\/www.forum-systemaufstellungen.at\/veranstaltungen\/wp-content\/uploads\/2025\/01\/WhatsApp-Bild-2024-10-06-um-13.44.08_3025bdb8.jpg","type":"image\/jpeg"}],"twitter_card":"summary_large_image","twitter_misc":{"Gesch\u00e4tzte Lesezeit":"2\u00a0Minuten"},"schema":{"@context":"https:\/\/schema.org","@graph":[{"@type":"WebPage","@id":"https:\/\/www.forum-systemaufstellungen.at\/veranstaltungen\/info\/systemischer-aufstellungslehrgang-2025-2-2\/","url":"https:\/\/www.forum-systemaufstellungen.at\/veranstaltungen\/info\/systemischer-aufstellungslehrgang-2025-2-2\/","name":"Systemischer Aufstellungslehrgang 2026 - \u00d6fS Veranstaltungen","isPartOf":{"@id":"https:\/\/www.forum-systemaufstellungen.at\/veranstaltungen\/#website"},"primaryImageOfPage":{"@id":"https:\/\/www.forum-systemaufstellungen.at\/veranstaltungen\/info\/systemischer-aufstellungslehrgang-2025-2-2\/#primaryimage"},"image":{"@id":"https:\/\/www.forum-systemaufstellungen.at\/veranstaltungen\/info\/systemischer-aufstellungslehrgang-2025-2-2\/#primaryimage"},"thumbnailUrl":"https:\/\/www.forum-systemaufstellungen.at\/veranstaltungen\/wp-content\/uploads\/2025\/01\/WhatsApp-Bild-2024-10-06-um-13.44.08_3025bdb8.jpg","datePublished":"2025-10-09T12:43:37+00:00","dateModified":"2025-10-09T12:47:03+00:00","breadcrumb":{"@id":"https:\/\/www.forum-systemaufstellungen.at\/veranstaltungen\/info\/systemischer-aufstellungslehrgang-2025-2-2\/#breadcrumb"},"inLanguage":"de","potentialAction":[{"@type":"ReadAction","target":["https:\/\/www.forum-systemaufstellungen.at\/veranstaltungen\/info\/systemischer-aufstellungslehrgang-2025-2-2\/"]}]},{"@type":"ImageObject","inLanguage":"de","@id":"https:\/\/www.forum-systemaufstellungen.at\/veranstaltungen\/info\/systemischer-aufstellungslehrgang-2025-2-2\/#primaryimage","url":"https:\/\/www.forum-systemaufstellungen.at\/veranstaltungen\/wp-content\/uploads\/2025\/01\/WhatsApp-Bild-2024-10-06-um-13.44.08_3025bdb8.jpg","contentUrl":"https:\/\/www.forum-systemaufstellungen.at\/veranstaltungen\/wp-content\/uploads\/2025\/01\/WhatsApp-Bild-2024-10-06-um-13.44.08_3025bdb8.jpg","width":1600,"height":1200},{"@type":"BreadcrumbList","@id":"https:\/\/www.forum-systemaufstellungen.at\/veranstaltungen\/info\/systemischer-aufstellungslehrgang-2025-2-2\/#breadcrumb","itemListElement":[{"@type":"ListItem","position":1,"name":"Startseite","item":"https:\/\/www.forum-systemaufstellungen.at\/veranstaltungen\/"},{"@type":"ListItem","position":2,"name":"Veranstaltungen","item":"https:\/\/www.forum-systemaufstellungen.at\/veranstaltungen\/kalender\/"},{"@type":"ListItem","position":3,"name":"Systemischer Aufstellungslehrgang 2026"}]},{"@type":"WebSite","@id":"https:\/\/www.forum-systemaufstellungen.at\/veranstaltungen\/#website","url":"https:\/\/www.forum-systemaufstellungen.at\/veranstaltungen\/","name":"\u00d6fS Veranstaltungen","description":"systemische Aufstellungsarbeit","potentialAction":[{"@type":"SearchAction","target":{"@type":"EntryPoint","urlTemplate":"https:\/\/www.forum-systemaufstellungen.at\/veranstaltungen\/?s={search_term_string}"},"query-input":{"@type":"PropertyValueSpecification","valueRequired":true,"valueName":"search_term_string"}}],"inLanguage":"de"}]}},"_links":{"self":[{"href":"https:\/\/www.forum-systemaufstellungen.at\/veranstaltungen\/wp-json\/wp\/v2\/tribe_events\/5239","targetHints":{"allow":["GET"]}}],"collection":[{"href":"https:\/\/www.forum-systemaufstellungen.at\/veranstaltungen\/wp-json\/wp\/v2\/tribe_events"}],"about":[{"href":"https:\/\/www.forum-systemaufstellungen.at\/veranstaltungen\/wp-json\/wp\/v2\/types\/tribe_events"}],"author":[{"embeddable":true,"href":"https:\/\/www.forum-systemaufstellungen.at\/veranstaltungen\/wp-json\/wp\/v2\/users\/35"}],"version-history":[{"count":0,"href":"https:\/\/www.forum-systemaufstellungen.at\/veranstaltungen\/wp-json\/wp\/v2\/tribe_events\/5239\/revisions"}],"wp:featuredmedia":[{"embeddable":true,"href":"https:\/\/www.forum-systemaufstellungen.at\/veranstaltungen\/wp-json\/wp\/v2\/media\/5106"}],"wp:attachment":[{"href":"https:\/\/www.forum-systemaufstellungen.at\/veranstaltungen\/wp-json\/wp\/v2\/media?parent=5239"}],"wp:term":[{"taxonomy":"post_tag","embeddable":true,"href":"https:\/\/www.forum-systemaufstellungen.at\/veranstaltungen\/wp-json\/wp\/v2\/tags?post=5239"},{"taxonomy":"tribe_events_cat","embeddable":true,"href":"https:\/\/www.forum-systemaufstellungen.at\/veranstaltungen\/wp-json\/wp\/v2\/tribe_events_cat?post=5239"}],"curies":[{"name":"wp","href":"https:\/\/api.w.org\/{rel}","templated":true}]}}