{"id":5376,"date":"2025-12-03T13:13:36","date_gmt":"2025-12-03T12:13:36","guid":{"rendered":"https:\/\/www.forum-systemaufstellungen.at\/veranstaltungen\/?post_type=tribe_events&#038;p=5376"},"modified":"2026-02-25T11:23:22","modified_gmt":"2026-02-25T10:23:22","slug":"lernraum-verbinden-lernen-entfalten-mit-guni-baxa","status":"publish","type":"tribe_events","link":"https:\/\/www.forum-systemaufstellungen.at\/veranstaltungen\/info\/lernraum-verbinden-lernen-entfalten-mit-guni-baxa\/","title":{"rendered":"LernRaum: verbinden | lernen | entfalten &#8211; mit Guni Baxa"},"content":{"rendered":"<p><strong>Die verbands\u00fcbergreifende Fortbildungsreihe von DGfS, infosyon &amp; \u00d6fS<\/strong><\/p>\n<h5>Thema: <strong>Aufstellungsarbeit und dar\u00fcber hinaus<\/strong><\/h5>\n<div class=\"group-left\">\n<div class=\"field field-name-field-veranstaltungsort field-type-text-long field-label-above\">\n<div class=\"field-items\">\n<div class=\"field-item even\">\n<p><strong><em>Wie hat es begonnen? F\u00fcr mich begonnen?<br \/>\n<\/em><\/strong>Bert kannte ich seit 1971 und konnte seine sich schrittweise entfaltenden Einsichten und Ans\u00e4tze mit vollziehen. Fragen und eine kleine Demonstration der allerersten Aufstellungen Berts um 1981 erm\u00f6glichen vielleicht ein kleines Blitzlicht des Anfangs. Eines Anfangs, der in das so vielf\u00e4ltige und \u201eweite Land der Aufstellungsarbeit\u201c (Motto Gmunden) m\u00fcndete.<\/p>\n<p><strong><em>Was inspiriert mich zur Zeit?<br \/>\n<\/em><\/strong>Rituale\u00a0und deren spirituellen Aspekte\u00a0als menschheitsgeschichtlich uralte Kraftquellen, Stadien, in denen sich Ver\u00e4nderung\/Transformation vollzieht (Heldenreise) und vieles mehr.<\/p>\n<\/div>\n<\/div>\n<\/div>\n<\/div>\n<p>Referentin: <a href=\"https:\/\/apsys.org\/ueber-apsys\/team\/\" target=\"_blank\" rel=\"noopener\"><strong>GUNI BAXA<\/strong><\/a><\/p>\n<p><strong>ZOOM-LINK<\/strong> folgt nach Anmeldung kurz vor Veranstaltungsbeginn<\/p>\n<p>&nbsp;<\/p>\n<p><strong>FACHWISSEN VERMITTELN &#8211; AUSTAUSCH F\u00d6RDERN &#8211; EXPERIMENT ERM\u00d6GLICHEN<\/strong><\/p>\n<ul>\n<li>F\u00fcr ALLE Aufsteller:innen, die sich hier angesprochen f\u00fchlen und neugierig sind!<\/li>\n<li>Jeden letzten Dienstag im Monat<\/li>\n<li>Kostenlos<\/li>\n<li>Online via Zoom<\/li>\n<\/ul>\n<p>&nbsp;<\/p>\n<p><strong>TERMINE 2026 (\u00c4nderungen vorbehalten):<\/strong><\/p>\n<ul>\n<li>28. April: Ruth Sander<\/li>\n<li>26. Mai: Christa Kolodej<\/li>\n<li>23. Juni: Stefan Hausner<\/li>\n<li>28. Juli: Marion Lockert<\/li>\n<li>25. August: Peter Rost<\/li>\n<li>22. September: Ester Gaus<\/li>\n<li>27. Oktober: Harald Homberger<\/li>\n<li>24. November: Diana Drexler<\/li>\n<\/ul>\n","protected":false},"excerpt":{"rendered":"<p>Die verbands\u00fcbergreifende Fortbildungsreihe von DGfS, infosyon &amp; \u00d6fS Thema: Aufstellungsarbeit und dar\u00fcber hinaus Wie hat es begonnen? F\u00fcr mich begonnen? [&hellip;]<\/p>\n","protected":false},"author":3,"featured_media":5377,"template":"","meta":{"_et_pb_use_builder":"","_et_pb_old_content":"","_et_gb_content_width":"","_tribe_events_status":"","_tribe_events_status_reason":"","_tribe_events_is_hybrid":"","_tribe_events_is_virtual":"","_tribe_events_virtual_video_source":"","_tribe_events_virtual_embed_video":"","_tribe_events_virtual_linked_button_text":"","_tribe_events_virtual_linked_button":"","_tribe_events_virtual_show_embed_at":"","_tribe_events_virtual_show_embed_to":[],"_tribe_events_virtual_show_on_event":"","_tribe_events_virtual_show_on_views":"","_tribe_events_virtual_url":"","footnotes":""},"tags":[],"tribe_events_cat":[7,15],"class_list":["post-5376","tribe_events","type-tribe_events","status-publish","has-post-thumbnail","hentry","tribe_events_cat-oefs-veranstaltungen","tribe_events_cat-partnerverbaende","cat_oefs-veranstaltungen","cat_partnerverbaende"],"yoast_head":"<!-- This site is optimized with the Yoast SEO plugin v26.9 - https:\/\/yoast.com\/product\/yoast-seo-wordpress\/ -->\n<title>LernRaum: verbinden | lernen | entfalten - mit Guni Baxa - \u00d6fS Veranstaltungen<\/title>\n<meta name=\"robots\" content=\"index, follow, max-snippet:-1, max-image-preview:large, max-video-preview:-1\" \/>\n<link rel=\"canonical\" href=\"https:\/\/www.forum-systemaufstellungen.at\/veranstaltungen\/info\/lernraum-verbinden-lernen-entfalten-mit-guni-baxa\/\" \/>\n<meta property=\"og:locale\" content=\"de_DE\" \/>\n<meta property=\"og:type\" content=\"article\" \/>\n<meta property=\"og:title\" content=\"LernRaum: verbinden | lernen | entfalten - mit Guni Baxa - \u00d6fS Veranstaltungen\" \/>\n<meta property=\"og:description\" content=\"Die verbands\u00fcbergreifende Fortbildungsreihe von DGfS, infosyon &amp; \u00d6fS Thema: Aufstellungsarbeit und dar\u00fcber hinaus Wie hat es begonnen? F\u00fcr mich begonnen? [&hellip;]\" \/>\n<meta property=\"og:url\" content=\"https:\/\/www.forum-systemaufstellungen.at\/veranstaltungen\/info\/lernraum-verbinden-lernen-entfalten-mit-guni-baxa\/\" \/>\n<meta property=\"og:site_name\" content=\"\u00d6fS Veranstaltungen\" \/>\n<meta property=\"article:modified_time\" content=\"2026-02-25T10:23:22+00:00\" \/>\n<meta property=\"og:image\" content=\"https:\/\/www.forum-systemaufstellungen.at\/veranstaltungen\/wp-content\/uploads\/2025\/12\/Baxa_Guni.png\" \/>\n\t<meta property=\"og:image:width\" content=\"213\" \/>\n\t<meta property=\"og:image:height\" content=\"320\" \/>\n\t<meta property=\"og:image:type\" content=\"image\/png\" \/>\n<meta name=\"twitter:card\" content=\"summary_large_image\" \/>\n<meta name=\"twitter:label1\" content=\"Gesch\u00e4tzte Lesezeit\" \/>\n\t<meta name=\"twitter:data1\" content=\"2\u00a0Minuten\" \/>\n<script type=\"application\/ld+json\" class=\"yoast-schema-graph\">{\"@context\":\"https:\/\/schema.org\",\"@graph\":[{\"@type\":\"WebPage\",\"@id\":\"https:\/\/www.forum-systemaufstellungen.at\/veranstaltungen\/info\/lernraum-verbinden-lernen-entfalten-mit-guni-baxa\/\",\"url\":\"https:\/\/www.forum-systemaufstellungen.at\/veranstaltungen\/info\/lernraum-verbinden-lernen-entfalten-mit-guni-baxa\/\",\"name\":\"LernRaum: verbinden | lernen | entfalten - mit Guni Baxa - \u00d6fS Veranstaltungen\",\"isPartOf\":{\"@id\":\"https:\/\/www.forum-systemaufstellungen.at\/veranstaltungen\/#website\"},\"primaryImageOfPage\":{\"@id\":\"https:\/\/www.forum-systemaufstellungen.at\/veranstaltungen\/info\/lernraum-verbinden-lernen-entfalten-mit-guni-baxa\/#primaryimage\"},\"image\":{\"@id\":\"https:\/\/www.forum-systemaufstellungen.at\/veranstaltungen\/info\/lernraum-verbinden-lernen-entfalten-mit-guni-baxa\/#primaryimage\"},\"thumbnailUrl\":\"https:\/\/www.forum-systemaufstellungen.at\/veranstaltungen\/wp-content\/uploads\/2025\/12\/Baxa_Guni.png\",\"datePublished\":\"2025-12-03T12:13:36+00:00\",\"dateModified\":\"2026-02-25T10:23:22+00:00\",\"breadcrumb\":{\"@id\":\"https:\/\/www.forum-systemaufstellungen.at\/veranstaltungen\/info\/lernraum-verbinden-lernen-entfalten-mit-guni-baxa\/#breadcrumb\"},\"inLanguage\":\"de\",\"potentialAction\":[{\"@type\":\"ReadAction\",\"target\":[\"https:\/\/www.forum-systemaufstellungen.at\/veranstaltungen\/info\/lernraum-verbinden-lernen-entfalten-mit-guni-baxa\/\"]}]},{\"@type\":\"ImageObject\",\"inLanguage\":\"de\",\"@id\":\"https:\/\/www.forum-systemaufstellungen.at\/veranstaltungen\/info\/lernraum-verbinden-lernen-entfalten-mit-guni-baxa\/#primaryimage\",\"url\":\"https:\/\/www.forum-systemaufstellungen.at\/veranstaltungen\/wp-content\/uploads\/2025\/12\/Baxa_Guni.png\",\"contentUrl\":\"https:\/\/www.forum-systemaufstellungen.at\/veranstaltungen\/wp-content\/uploads\/2025\/12\/Baxa_Guni.png\",\"width\":213,\"height\":320,\"caption\":\"Guni Leila Baxa\"},{\"@type\":\"BreadcrumbList\",\"@id\":\"https:\/\/www.forum-systemaufstellungen.at\/veranstaltungen\/info\/lernraum-verbinden-lernen-entfalten-mit-guni-baxa\/#breadcrumb\",\"itemListElement\":[{\"@type\":\"ListItem\",\"position\":1,\"name\":\"Startseite\",\"item\":\"https:\/\/www.forum-systemaufstellungen.at\/veranstaltungen\/\"},{\"@type\":\"ListItem\",\"position\":2,\"name\":\"Veranstaltungen\",\"item\":\"https:\/\/www.forum-systemaufstellungen.at\/veranstaltungen\/kalender\/\"},{\"@type\":\"ListItem\",\"position\":3,\"name\":\"LernRaum: verbinden | lernen | entfalten &#8211; mit Guni Baxa\"}]},{\"@type\":\"WebSite\",\"@id\":\"https:\/\/www.forum-systemaufstellungen.at\/veranstaltungen\/#website\",\"url\":\"https:\/\/www.forum-systemaufstellungen.at\/veranstaltungen\/\",\"name\":\"\u00d6fS Veranstaltungen\",\"description\":\"systemische Aufstellungsarbeit\",\"potentialAction\":[{\"@type\":\"SearchAction\",\"target\":{\"@type\":\"EntryPoint\",\"urlTemplate\":\"https:\/\/www.forum-systemaufstellungen.at\/veranstaltungen\/?s={search_term_string}\"},\"query-input\":{\"@type\":\"PropertyValueSpecification\",\"valueRequired\":true,\"valueName\":\"search_term_string\"}}],\"inLanguage\":\"de\"}]}<\/script>\n<!-- \/ Yoast SEO plugin. -->","yoast_head_json":{"title":"LernRaum: verbinden | lernen | entfalten - mit Guni Baxa - \u00d6fS Veranstaltungen","robots":{"index":"index","follow":"follow","max-snippet":"max-snippet:-1","max-image-preview":"max-image-preview:large","max-video-preview":"max-video-preview:-1"},"canonical":"https:\/\/www.forum-systemaufstellungen.at\/veranstaltungen\/info\/lernraum-verbinden-lernen-entfalten-mit-guni-baxa\/","og_locale":"de_DE","og_type":"article","og_title":"LernRaum: verbinden | lernen | entfalten - mit Guni Baxa - \u00d6fS Veranstaltungen","og_description":"Die verbands\u00fcbergreifende Fortbildungsreihe von DGfS, infosyon &amp; \u00d6fS Thema: Aufstellungsarbeit und dar\u00fcber hinaus Wie hat es begonnen? F\u00fcr mich begonnen? [&hellip;]","og_url":"https:\/\/www.forum-systemaufstellungen.at\/veranstaltungen\/info\/lernraum-verbinden-lernen-entfalten-mit-guni-baxa\/","og_site_name":"\u00d6fS Veranstaltungen","article_modified_time":"2026-02-25T10:23:22+00:00","og_image":[{"width":213,"height":320,"url":"https:\/\/www.forum-systemaufstellungen.at\/veranstaltungen\/wp-content\/uploads\/2025\/12\/Baxa_Guni.png","type":"image\/png"}],"twitter_card":"summary_large_image","twitter_misc":{"Gesch\u00e4tzte Lesezeit":"2\u00a0Minuten"},"schema":{"@context":"https:\/\/schema.org","@graph":[{"@type":"WebPage","@id":"https:\/\/www.forum-systemaufstellungen.at\/veranstaltungen\/info\/lernraum-verbinden-lernen-entfalten-mit-guni-baxa\/","url":"https:\/\/www.forum-systemaufstellungen.at\/veranstaltungen\/info\/lernraum-verbinden-lernen-entfalten-mit-guni-baxa\/","name":"LernRaum: verbinden | lernen | entfalten - mit Guni Baxa - \u00d6fS Veranstaltungen","isPartOf":{"@id":"https:\/\/www.forum-systemaufstellungen.at\/veranstaltungen\/#website"},"primaryImageOfPage":{"@id":"https:\/\/www.forum-systemaufstellungen.at\/veranstaltungen\/info\/lernraum-verbinden-lernen-entfalten-mit-guni-baxa\/#primaryimage"},"image":{"@id":"https:\/\/www.forum-systemaufstellungen.at\/veranstaltungen\/info\/lernraum-verbinden-lernen-entfalten-mit-guni-baxa\/#primaryimage"},"thumbnailUrl":"https:\/\/www.forum-systemaufstellungen.at\/veranstaltungen\/wp-content\/uploads\/2025\/12\/Baxa_Guni.png","datePublished":"2025-12-03T12:13:36+00:00","dateModified":"2026-02-25T10:23:22+00:00","breadcrumb":{"@id":"https:\/\/www.forum-systemaufstellungen.at\/veranstaltungen\/info\/lernraum-verbinden-lernen-entfalten-mit-guni-baxa\/#breadcrumb"},"inLanguage":"de","potentialAction":[{"@type":"ReadAction","target":["https:\/\/www.forum-systemaufstellungen.at\/veranstaltungen\/info\/lernraum-verbinden-lernen-entfalten-mit-guni-baxa\/"]}]},{"@type":"ImageObject","inLanguage":"de","@id":"https:\/\/www.forum-systemaufstellungen.at\/veranstaltungen\/info\/lernraum-verbinden-lernen-entfalten-mit-guni-baxa\/#primaryimage","url":"https:\/\/www.forum-systemaufstellungen.at\/veranstaltungen\/wp-content\/uploads\/2025\/12\/Baxa_Guni.png","contentUrl":"https:\/\/www.forum-systemaufstellungen.at\/veranstaltungen\/wp-content\/uploads\/2025\/12\/Baxa_Guni.png","width":213,"height":320,"caption":"Guni Leila Baxa"},{"@type":"BreadcrumbList","@id":"https:\/\/www.forum-systemaufstellungen.at\/veranstaltungen\/info\/lernraum-verbinden-lernen-entfalten-mit-guni-baxa\/#breadcrumb","itemListElement":[{"@type":"ListItem","position":1,"name":"Startseite","item":"https:\/\/www.forum-systemaufstellungen.at\/veranstaltungen\/"},{"@type":"ListItem","position":2,"name":"Veranstaltungen","item":"https:\/\/www.forum-systemaufstellungen.at\/veranstaltungen\/kalender\/"},{"@type":"ListItem","position":3,"name":"LernRaum: verbinden | lernen | entfalten &#8211; mit Guni Baxa"}]},{"@type":"WebSite","@id":"https:\/\/www.forum-systemaufstellungen.at\/veranstaltungen\/#website","url":"https:\/\/www.forum-systemaufstellungen.at\/veranstaltungen\/","name":"\u00d6fS Veranstaltungen","description":"systemische Aufstellungsarbeit","potentialAction":[{"@type":"SearchAction","target":{"@type":"EntryPoint","urlTemplate":"https:\/\/www.forum-systemaufstellungen.at\/veranstaltungen\/?s={search_term_string}"},"query-input":{"@type":"PropertyValueSpecification","valueRequired":true,"valueName":"search_term_string"}}],"inLanguage":"de"}]}},"_links":{"self":[{"href":"https:\/\/www.forum-systemaufstellungen.at\/veranstaltungen\/wp-json\/wp\/v2\/tribe_events\/5376","targetHints":{"allow":["GET"]}}],"collection":[{"href":"https:\/\/www.forum-systemaufstellungen.at\/veranstaltungen\/wp-json\/wp\/v2\/tribe_events"}],"about":[{"href":"https:\/\/www.forum-systemaufstellungen.at\/veranstaltungen\/wp-json\/wp\/v2\/types\/tribe_events"}],"author":[{"embeddable":true,"href":"https:\/\/www.forum-systemaufstellungen.at\/veranstaltungen\/wp-json\/wp\/v2\/users\/3"}],"version-history":[{"count":1,"href":"https:\/\/www.forum-systemaufstellungen.at\/veranstaltungen\/wp-json\/wp\/v2\/tribe_events\/5376\/revisions"}],"predecessor-version":[{"id":5670,"href":"https:\/\/www.forum-systemaufstellungen.at\/veranstaltungen\/wp-json\/wp\/v2\/tribe_events\/5376\/revisions\/5670"}],"wp:featuredmedia":[{"embeddable":true,"href":"https:\/\/www.forum-systemaufstellungen.at\/veranstaltungen\/wp-json\/wp\/v2\/media\/5377"}],"wp:attachment":[{"href":"https:\/\/www.forum-systemaufstellungen.at\/veranstaltungen\/wp-json\/wp\/v2\/media?parent=5376"}],"wp:term":[{"taxonomy":"post_tag","embeddable":true,"href":"https:\/\/www.forum-systemaufstellungen.at\/veranstaltungen\/wp-json\/wp\/v2\/tags?post=5376"},{"taxonomy":"tribe_events_cat","embeddable":true,"href":"https:\/\/www.forum-systemaufstellungen.at\/veranstaltungen\/wp-json\/wp\/v2\/tribe_events_cat?post=5376"}],"curies":[{"name":"wp","href":"https:\/\/api.w.org\/{rel}","templated":true}]}}