{"id":5379,"date":"2025-12-03T13:23:59","date_gmt":"2025-12-03T12:23:59","guid":{"rendered":"https:\/\/www.forum-systemaufstellungen.at\/veranstaltungen\/?post_type=tribe_events&#038;p=5379"},"modified":"2026-04-14T10:32:18","modified_gmt":"2026-04-14T08:32:18","slug":"lernraum-verbinden-lernen-entfalten-mit-klaus-peter-horn","status":"publish","type":"tribe_events","link":"https:\/\/www.forum-systemaufstellungen.at\/veranstaltungen\/info\/lernraum-verbinden-lernen-entfalten-mit-klaus-peter-horn\/","title":{"rendered":"LernRaum: verbinden | lernen | entfalten &#8211; mit Ruth Sander"},"content":{"rendered":"<h5><strong>Politik im Raum: Kritik an Israels Pal\u00e4stina-Politik \u2013 Antisemitismus? Arbeiten im Raum mit Einzelpersonen<\/strong><\/h5>\n<div class=\"field-item even\">\n<p>Ein Beispiel unter vielen: Im Mai 2019 verabschiedete der Deutsche Bundestag eine Resolution, die die israelfeindliche Boykottbewegung BDS (Boycott, Divestment and Sanctions) als antisemitisch motiviert verurteilt.<br \/>\n2020 bildete sich die Initiative GG 5.3 Weltoffenheit, der zahlreiche \u00f6ffentliche Kultur- und Wissenschaftsinstitutionen in Deutschland angeh\u00f6ren. Sie spricht sich f\u00fcr die Freiheit der Kund und Wissenschaft, der Forschung und Lehre aus (Art. 5.3. Grundgesetz) und warnt vor der M\u00f6glichkeit des politischen Missbrauchs des Antisemitismusvorwurfs im BDS-Beschluss des Bundestages.<br \/>\nDen Boykott Israels durch die BDS lehnt die Initiative ab: Wir halten den kulturellen und wissenschaftlichen Austausch f\u00fcr grundlegend.\u201c<br \/>\nDas Simon Wiesenthal Zentrum f\u00fchrt die Initiative auf seiner Liste der zehn weltweit schlimmsten antisemitischen Vorf\u00e4lle im Jahre 2020 auf Platz sieben.<br \/>\n(Quelle:\u00a0<a href=\"https:\/\/de.wikipedia.org\/wiki\/Initiative_GG_5.3_Weltoffenheit\" target=\"_blank\" rel=\"noopener noreferrer\" data-extlink=\"\">https:\/\/de.wikipedia.org\/wiki\/Initiative_GG_5.3_Weltoffenheit<\/a>)<\/p>\n<p>Ich lade dazu ein, an diesem Abend in den Fragen zu gehen und sie gemeinsam zu erforschen. Achtsam, geduldig, im sicheren Raum.<\/p>\n<p>Seit 2004 experimentiere ich mit Aufstellungen zu gesellschaftspolitischen Themen, bis zu Corona ausschlie\u00dflich in Pr\u00e4senz. W\u00e4hrend Corona habe ich vor allem mit Georg Breiners online-Systembrett gearbeitet, seitdem versuche ich mich an Hybrid-Formaten. Dazu m\u00f6chte ich Euch einladen. Wer also in oder um M\u00fcnchen wohnt, ist herzlich im EWH willkommen!<\/p>\n<p>Ich m\u00f6chte den LernRaum nicht nutzen, um Euch ein m\u00f6glichst ausgefeiltes Endprodukt zu zeigen, das ich gut beherrsche, sondern Euch zu einem Experiment einladen, das auch f\u00fcr mich Neuland ist: Eine Mischung aus einer kollektiven Aufstellung \u00e0 la Daan van Kampenhout und World Work, einem Ansatz aus der Prozessorientierten Psychologie. Und aus Euren R\u00fcckmeldungen lernen!<\/p>\n<p>Referentin: <strong><a href=\"https:\/\/politik-im-raum.org\/ruth-sander\/\">Dr. RUTH SANDER:<\/a> Lehrende Systemische Beraterin, Lehrende Supervisorin und Lehrende Coach (SG) und Mastertrainerin (infosyon)<\/strong><\/p>\n<\/div>\n<p><strong>ZOOM-LINK<\/strong> folgt nach Anmeldung kurz vor Veranstaltungsbeginn<\/p>\n<p><strong>Die verbands\u00fcbergreifende Fortbildungsreihe von DGfS, infosyon &amp; \u00d6fS:<br \/>\n<\/strong><em><strong>FACHWISSEN VERMITTELN &#8211; AUSTAUSCH F\u00d6RDERN &#8211; EXPERIMENT ERM\u00d6GLICHEN<\/strong><\/em><\/p>\n<ul>\n<li>F\u00fcr ALLE Aufsteller:innen, die sich hier angesprochen f\u00fchlen und neugierig sind!<\/li>\n<li>Jeden letzten Dienstag im Monat<\/li>\n<li>Kostenlos<\/li>\n<li>Online via Zoom<\/li>\n<\/ul>\n<p>&nbsp;<\/p>\n<p><strong>TERMINE 2026 (\u00c4nderungen vorbehalten):<\/strong><\/p>\n<ul>\n<li>26. Mai: Christa Kolodej<\/li>\n<li>30. Juni: Stefan Hausner<\/li>\n<li>25. August: Peter Rost<\/li>\n<li>29. September: Romy Gerhard<\/li>\n<li>27. Oktober: Harald Homberger<\/li>\n<li>24. November: Diana Drexler<\/li>\n<\/ul>\n","protected":false},"excerpt":{"rendered":"<p>Politik im Raum: Kritik an Israels Pal\u00e4stina-Politik \u2013 Antisemitismus? Arbeiten im Raum mit Einzelpersonen Ein Beispiel unter vielen: Im Mai [&hellip;]<\/p>\n","protected":false},"author":3,"featured_media":5667,"template":"","meta":{"_et_pb_use_builder":"","_et_pb_old_content":"","_et_gb_content_width":"","_tribe_events_status":"","_tribe_events_status_reason":"","_tribe_events_is_hybrid":"","_tribe_events_is_virtual":"","_tribe_events_virtual_video_source":"","_tribe_events_virtual_embed_video":"","_tribe_events_virtual_linked_button_text":"","_tribe_events_virtual_linked_button":"","_tribe_events_virtual_show_embed_at":"","_tribe_events_virtual_show_embed_to":[],"_tribe_events_virtual_show_on_event":"","_tribe_events_virtual_show_on_views":"","_tribe_events_virtual_url":"","footnotes":""},"tags":[],"tribe_events_cat":[7,15],"class_list":["post-5379","tribe_events","type-tribe_events","status-publish","has-post-thumbnail","hentry","tribe_events_cat-oefs-veranstaltungen","tribe_events_cat-partnerverbaende","cat_oefs-veranstaltungen","cat_partnerverbaende"],"yoast_head":"<!-- This site is optimized with the Yoast SEO plugin v26.9 - https:\/\/yoast.com\/product\/yoast-seo-wordpress\/ -->\n<title>LernRaum: verbinden | lernen | entfalten - mit Ruth Sander - \u00d6fS Veranstaltungen<\/title>\n<meta name=\"robots\" content=\"index, follow, max-snippet:-1, max-image-preview:large, max-video-preview:-1\" \/>\n<link rel=\"canonical\" href=\"https:\/\/www.forum-systemaufstellungen.at\/veranstaltungen\/info\/lernraum-verbinden-lernen-entfalten-mit-klaus-peter-horn\/\" \/>\n<meta property=\"og:locale\" content=\"de_DE\" \/>\n<meta property=\"og:type\" content=\"article\" \/>\n<meta property=\"og:title\" content=\"LernRaum: verbinden | lernen | entfalten - mit Ruth Sander - \u00d6fS Veranstaltungen\" \/>\n<meta property=\"og:description\" content=\"Politik im Raum: Kritik an Israels Pal\u00e4stina-Politik \u2013 Antisemitismus? Arbeiten im Raum mit Einzelpersonen Ein Beispiel unter vielen: Im Mai [&hellip;]\" \/>\n<meta property=\"og:url\" content=\"https:\/\/www.forum-systemaufstellungen.at\/veranstaltungen\/info\/lernraum-verbinden-lernen-entfalten-mit-klaus-peter-horn\/\" \/>\n<meta property=\"og:site_name\" content=\"\u00d6fS Veranstaltungen\" \/>\n<meta property=\"article:modified_time\" content=\"2026-04-14T08:32:18+00:00\" \/>\n<meta property=\"og:image\" content=\"https:\/\/www.forum-systemaufstellungen.at\/veranstaltungen\/wp-content\/uploads\/2025\/12\/202604_ruth_sander.jpg\" \/>\n\t<meta property=\"og:image:width\" content=\"194\" \/>\n\t<meta property=\"og:image:height\" content=\"181\" \/>\n\t<meta property=\"og:image:type\" content=\"image\/jpeg\" \/>\n<meta name=\"twitter:card\" content=\"summary_large_image\" \/>\n<meta name=\"twitter:label1\" content=\"Gesch\u00e4tzte Lesezeit\" \/>\n\t<meta name=\"twitter:data1\" content=\"3\u00a0Minuten\" \/>\n<script type=\"application\/ld+json\" class=\"yoast-schema-graph\">{\"@context\":\"https:\/\/schema.org\",\"@graph\":[{\"@type\":\"WebPage\",\"@id\":\"https:\/\/www.forum-systemaufstellungen.at\/veranstaltungen\/info\/lernraum-verbinden-lernen-entfalten-mit-klaus-peter-horn\/\",\"url\":\"https:\/\/www.forum-systemaufstellungen.at\/veranstaltungen\/info\/lernraum-verbinden-lernen-entfalten-mit-klaus-peter-horn\/\",\"name\":\"LernRaum: verbinden | lernen | entfalten - mit Ruth Sander - \u00d6fS Veranstaltungen\",\"isPartOf\":{\"@id\":\"https:\/\/www.forum-systemaufstellungen.at\/veranstaltungen\/#website\"},\"primaryImageOfPage\":{\"@id\":\"https:\/\/www.forum-systemaufstellungen.at\/veranstaltungen\/info\/lernraum-verbinden-lernen-entfalten-mit-klaus-peter-horn\/#primaryimage\"},\"image\":{\"@id\":\"https:\/\/www.forum-systemaufstellungen.at\/veranstaltungen\/info\/lernraum-verbinden-lernen-entfalten-mit-klaus-peter-horn\/#primaryimage\"},\"thumbnailUrl\":\"https:\/\/www.forum-systemaufstellungen.at\/veranstaltungen\/wp-content\/uploads\/2025\/12\/202604_ruth_sander.jpg\",\"datePublished\":\"2025-12-03T12:23:59+00:00\",\"dateModified\":\"2026-04-14T08:32:18+00:00\",\"breadcrumb\":{\"@id\":\"https:\/\/www.forum-systemaufstellungen.at\/veranstaltungen\/info\/lernraum-verbinden-lernen-entfalten-mit-klaus-peter-horn\/#breadcrumb\"},\"inLanguage\":\"de\",\"potentialAction\":[{\"@type\":\"ReadAction\",\"target\":[\"https:\/\/www.forum-systemaufstellungen.at\/veranstaltungen\/info\/lernraum-verbinden-lernen-entfalten-mit-klaus-peter-horn\/\"]}]},{\"@type\":\"ImageObject\",\"inLanguage\":\"de\",\"@id\":\"https:\/\/www.forum-systemaufstellungen.at\/veranstaltungen\/info\/lernraum-verbinden-lernen-entfalten-mit-klaus-peter-horn\/#primaryimage\",\"url\":\"https:\/\/www.forum-systemaufstellungen.at\/veranstaltungen\/wp-content\/uploads\/2025\/12\/202604_ruth_sander.jpg\",\"contentUrl\":\"https:\/\/www.forum-systemaufstellungen.at\/veranstaltungen\/wp-content\/uploads\/2025\/12\/202604_ruth_sander.jpg\",\"width\":194,\"height\":181,\"caption\":\"Ruth Sander\"},{\"@type\":\"BreadcrumbList\",\"@id\":\"https:\/\/www.forum-systemaufstellungen.at\/veranstaltungen\/info\/lernraum-verbinden-lernen-entfalten-mit-klaus-peter-horn\/#breadcrumb\",\"itemListElement\":[{\"@type\":\"ListItem\",\"position\":1,\"name\":\"Startseite\",\"item\":\"https:\/\/www.forum-systemaufstellungen.at\/veranstaltungen\/\"},{\"@type\":\"ListItem\",\"position\":2,\"name\":\"Veranstaltungen\",\"item\":\"https:\/\/www.forum-systemaufstellungen.at\/veranstaltungen\/kalender\/\"},{\"@type\":\"ListItem\",\"position\":3,\"name\":\"LernRaum: verbinden | lernen | entfalten &#8211; mit Ruth Sander\"}]},{\"@type\":\"WebSite\",\"@id\":\"https:\/\/www.forum-systemaufstellungen.at\/veranstaltungen\/#website\",\"url\":\"https:\/\/www.forum-systemaufstellungen.at\/veranstaltungen\/\",\"name\":\"\u00d6fS Veranstaltungen\",\"description\":\"systemische Aufstellungsarbeit\",\"potentialAction\":[{\"@type\":\"SearchAction\",\"target\":{\"@type\":\"EntryPoint\",\"urlTemplate\":\"https:\/\/www.forum-systemaufstellungen.at\/veranstaltungen\/?s={search_term_string}\"},\"query-input\":{\"@type\":\"PropertyValueSpecification\",\"valueRequired\":true,\"valueName\":\"search_term_string\"}}],\"inLanguage\":\"de\"}]}<\/script>\n<!-- \/ Yoast SEO plugin. -->","yoast_head_json":{"title":"LernRaum: verbinden | lernen | entfalten - mit Ruth Sander - \u00d6fS Veranstaltungen","robots":{"index":"index","follow":"follow","max-snippet":"max-snippet:-1","max-image-preview":"max-image-preview:large","max-video-preview":"max-video-preview:-1"},"canonical":"https:\/\/www.forum-systemaufstellungen.at\/veranstaltungen\/info\/lernraum-verbinden-lernen-entfalten-mit-klaus-peter-horn\/","og_locale":"de_DE","og_type":"article","og_title":"LernRaum: verbinden | lernen | entfalten - mit Ruth Sander - \u00d6fS Veranstaltungen","og_description":"Politik im Raum: Kritik an Israels Pal\u00e4stina-Politik \u2013 Antisemitismus? Arbeiten im Raum mit Einzelpersonen Ein Beispiel unter vielen: Im Mai [&hellip;]","og_url":"https:\/\/www.forum-systemaufstellungen.at\/veranstaltungen\/info\/lernraum-verbinden-lernen-entfalten-mit-klaus-peter-horn\/","og_site_name":"\u00d6fS Veranstaltungen","article_modified_time":"2026-04-14T08:32:18+00:00","og_image":[{"width":194,"height":181,"url":"https:\/\/www.forum-systemaufstellungen.at\/veranstaltungen\/wp-content\/uploads\/2025\/12\/202604_ruth_sander.jpg","type":"image\/jpeg"}],"twitter_card":"summary_large_image","twitter_misc":{"Gesch\u00e4tzte Lesezeit":"3\u00a0Minuten"},"schema":{"@context":"https:\/\/schema.org","@graph":[{"@type":"WebPage","@id":"https:\/\/www.forum-systemaufstellungen.at\/veranstaltungen\/info\/lernraum-verbinden-lernen-entfalten-mit-klaus-peter-horn\/","url":"https:\/\/www.forum-systemaufstellungen.at\/veranstaltungen\/info\/lernraum-verbinden-lernen-entfalten-mit-klaus-peter-horn\/","name":"LernRaum: verbinden | lernen | entfalten - mit Ruth Sander - \u00d6fS Veranstaltungen","isPartOf":{"@id":"https:\/\/www.forum-systemaufstellungen.at\/veranstaltungen\/#website"},"primaryImageOfPage":{"@id":"https:\/\/www.forum-systemaufstellungen.at\/veranstaltungen\/info\/lernraum-verbinden-lernen-entfalten-mit-klaus-peter-horn\/#primaryimage"},"image":{"@id":"https:\/\/www.forum-systemaufstellungen.at\/veranstaltungen\/info\/lernraum-verbinden-lernen-entfalten-mit-klaus-peter-horn\/#primaryimage"},"thumbnailUrl":"https:\/\/www.forum-systemaufstellungen.at\/veranstaltungen\/wp-content\/uploads\/2025\/12\/202604_ruth_sander.jpg","datePublished":"2025-12-03T12:23:59+00:00","dateModified":"2026-04-14T08:32:18+00:00","breadcrumb":{"@id":"https:\/\/www.forum-systemaufstellungen.at\/veranstaltungen\/info\/lernraum-verbinden-lernen-entfalten-mit-klaus-peter-horn\/#breadcrumb"},"inLanguage":"de","potentialAction":[{"@type":"ReadAction","target":["https:\/\/www.forum-systemaufstellungen.at\/veranstaltungen\/info\/lernraum-verbinden-lernen-entfalten-mit-klaus-peter-horn\/"]}]},{"@type":"ImageObject","inLanguage":"de","@id":"https:\/\/www.forum-systemaufstellungen.at\/veranstaltungen\/info\/lernraum-verbinden-lernen-entfalten-mit-klaus-peter-horn\/#primaryimage","url":"https:\/\/www.forum-systemaufstellungen.at\/veranstaltungen\/wp-content\/uploads\/2025\/12\/202604_ruth_sander.jpg","contentUrl":"https:\/\/www.forum-systemaufstellungen.at\/veranstaltungen\/wp-content\/uploads\/2025\/12\/202604_ruth_sander.jpg","width":194,"height":181,"caption":"Ruth Sander"},{"@type":"BreadcrumbList","@id":"https:\/\/www.forum-systemaufstellungen.at\/veranstaltungen\/info\/lernraum-verbinden-lernen-entfalten-mit-klaus-peter-horn\/#breadcrumb","itemListElement":[{"@type":"ListItem","position":1,"name":"Startseite","item":"https:\/\/www.forum-systemaufstellungen.at\/veranstaltungen\/"},{"@type":"ListItem","position":2,"name":"Veranstaltungen","item":"https:\/\/www.forum-systemaufstellungen.at\/veranstaltungen\/kalender\/"},{"@type":"ListItem","position":3,"name":"LernRaum: verbinden | lernen | entfalten &#8211; mit Ruth Sander"}]},{"@type":"WebSite","@id":"https:\/\/www.forum-systemaufstellungen.at\/veranstaltungen\/#website","url":"https:\/\/www.forum-systemaufstellungen.at\/veranstaltungen\/","name":"\u00d6fS Veranstaltungen","description":"systemische Aufstellungsarbeit","potentialAction":[{"@type":"SearchAction","target":{"@type":"EntryPoint","urlTemplate":"https:\/\/www.forum-systemaufstellungen.at\/veranstaltungen\/?s={search_term_string}"},"query-input":{"@type":"PropertyValueSpecification","valueRequired":true,"valueName":"search_term_string"}}],"inLanguage":"de"}]}},"_links":{"self":[{"href":"https:\/\/www.forum-systemaufstellungen.at\/veranstaltungen\/wp-json\/wp\/v2\/tribe_events\/5379","targetHints":{"allow":["GET"]}}],"collection":[{"href":"https:\/\/www.forum-systemaufstellungen.at\/veranstaltungen\/wp-json\/wp\/v2\/tribe_events"}],"about":[{"href":"https:\/\/www.forum-systemaufstellungen.at\/veranstaltungen\/wp-json\/wp\/v2\/types\/tribe_events"}],"author":[{"embeddable":true,"href":"https:\/\/www.forum-systemaufstellungen.at\/veranstaltungen\/wp-json\/wp\/v2\/users\/3"}],"version-history":[{"count":4,"href":"https:\/\/www.forum-systemaufstellungen.at\/veranstaltungen\/wp-json\/wp\/v2\/tribe_events\/5379\/revisions"}],"predecessor-version":[{"id":5697,"href":"https:\/\/www.forum-systemaufstellungen.at\/veranstaltungen\/wp-json\/wp\/v2\/tribe_events\/5379\/revisions\/5697"}],"wp:featuredmedia":[{"embeddable":true,"href":"https:\/\/www.forum-systemaufstellungen.at\/veranstaltungen\/wp-json\/wp\/v2\/media\/5667"}],"wp:attachment":[{"href":"https:\/\/www.forum-systemaufstellungen.at\/veranstaltungen\/wp-json\/wp\/v2\/media?parent=5379"}],"wp:term":[{"taxonomy":"post_tag","embeddable":true,"href":"https:\/\/www.forum-systemaufstellungen.at\/veranstaltungen\/wp-json\/wp\/v2\/tags?post=5379"},{"taxonomy":"tribe_events_cat","embeddable":true,"href":"https:\/\/www.forum-systemaufstellungen.at\/veranstaltungen\/wp-json\/wp\/v2\/tribe_events_cat?post=5379"}],"curies":[{"name":"wp","href":"https:\/\/api.w.org\/{rel}","templated":true}]}}